{"id":74094,"date":"2025-06-20T15:30:01","date_gmt":"2025-06-20T13:30:01","guid":{"rendered":"https:\/\/www.arcadsoftware.com\/arcad\/?post_type=tribe_events&#038;p=74094"},"modified":"2025-07-21T15:44:35","modified_gmt":"2025-07-21T13:44:35","slug":"arcad-summit-2025-fr","status":"publish","type":"tribe_events","link":"https:\/\/www.arcadsoftware.fr\/arcad\/event\/arcad-summit-2025-fr\/","title":{"rendered":"ARCAD Summit 2025"},"content":{"rendered":"<p><div class=\"fusion-fullwidth fullwidth-box fusion-builder-row-1 fusion-flex-container nonhundred-percent-fullwidth non-hundred-percent-height-scrolling\" style=\"--awb-border-radius-top-left:0px;--awb-border-radius-top-right:0px;--awb-border-radius-bottom-right:0px;--awb-border-radius-bottom-left:0px;--awb-flex-wrap:wrap;\" ><div class=\"fusion-builder-row fusion-row fusion-flex-align-items-flex-start fusion-flex-content-wrap\" style=\"max-width:1248px;margin-left: calc(-4% \/ 2 );margin-right: calc(-4% \/ 2 );\"><div class=\"fusion-layout-column fusion_builder_column fusion-builder-column-0 fusion_builder_column_1_1 1_1 fusion-flex-column\" style=\"--awb-bg-blend:overlay;--awb-bg-size:cover;--awb-width-large:100%;--awb-margin-top-large:0px;--awb-spacing-right-large:1.92%;--awb-margin-bottom-large:0px;--awb-spacing-left-large:1.92%;--awb-width-medium:100%;--awb-spacing-right-medium:1.92%;--awb-spacing-left-medium:1.92%;--awb-width-small:100%;--awb-spacing-right-small:1.92%;--awb-spacing-left-small:1.92%;\"><div class=\"fusion-column-wrapper fusion-flex-justify-content-flex-start fusion-content-layout-column\"><div class=\"fusion-title title fusion-title-1 fusion-sep-none fusion-title-text fusion-title-size-one\" style=\"--awb-text-color:var(--awb-color5);--awb-margin-bottom:30px;--awb-margin-top-small:10px;--awb-margin-bottom-small:10px;--awb-font-size:35px;\"><h1 class=\"fusion-title-heading title-heading-left fusion-responsive-typography-calculated\" style=\"font-family:&quot;Poppins&quot;;font-style:normal;font-weight:800;margin:0;font-size:1em;--fontSize:35;line-height:1.16;\">ARCAD SUMMIT 2025<\/h1><\/div><\/div><\/div><\/div><\/div><div class=\"fusion-fullwidth fullwidth-box fusion-builder-row-2 fusion-flex-container has-pattern-background has-mask-background nonhundred-percent-fullwidth non-hundred-percent-height-scrolling\" style=\"--awb-border-radius-top-left:0px;--awb-border-radius-top-right:0px;--awb-border-radius-bottom-right:0px;--awb-border-radius-bottom-left:0px;--awb-flex-wrap:wrap;\" ><div class=\"fusion-builder-row fusion-row fusion-flex-align-items-flex-start fusion-flex-content-wrap\" style=\"max-width:1248px;margin-left: calc(-4% \/ 2 );margin-right: calc(-4% \/ 2 );\"><div class=\"fusion-layout-column fusion_builder_column fusion-builder-column-1 fusion_builder_column_1_1 1_1 fusion-flex-column\" style=\"--awb-bg-size:cover;--awb-width-large:100%;--awb-margin-top-large:0px;--awb-spacing-right-large:1.92%;--awb-margin-bottom-large:20px;--awb-spacing-left-large:1.92%;--awb-width-medium:100%;--awb-order-medium:0;--awb-spacing-right-medium:1.92%;--awb-spacing-left-medium:1.92%;--awb-width-small:100%;--awb-order-small:0;--awb-spacing-right-small:1.92%;--awb-spacing-left-small:1.92%;\"><div class=\"fusion-column-wrapper fusion-column-has-shadow fusion-flex-justify-content-flex-start fusion-content-layout-column\"><div class=\"fusion-text fusion-text-1\" style=\"--awb-font-size:18px;--awb-text-font-family:&quot;Poppins&quot;;--awb-text-font-style:normal;--awb-text-font-weight:400;\"><p style=\"color: #4a4e57;\">Ne manquez pas l\u2019ARCAD Summit 2025* \u2014 deux demi-journ\u00e9es exclusives dans le cadre exceptionnel d\u2019Annecy pour \u00e9changer avec les experts, clients et partenaires ARCAD autour de :<\/p>\n<ul>\n<li>Strat\u00e9gies de modernisation du legacy<\/li>\n<li>Platforme engineering<\/li>\n<li>Anonymisation des donn\u00e9es<\/li>\n<\/ul>\n<p style=\"font-size: 14px;\" data-fusion-font=\"true\">*\u00c9v\u00e9nement r\u00e9serv\u00e9 aux clients et partenaires ARCAD (inscription soumise \u00e0 validation par ARCAD)<\/p>\n<p style=\"color: #4a4e57;\"><span style=\"font-size: 23px;\" data-fusion-font=\"true\"><b>Programme de l\u2019\u00e9v\u00e9nement<\/b><\/span><b><\/b><\/p>\n<\/div><div class=\"fusion-title title fusion-title-2 fusion-sep-none fusion-title-text fusion-title-size-two\" style=\"--awb-text-color:var(--awb-color5);--awb-margin-top-small:10px;--awb-margin-bottom-small:10px;--awb-font-size:25px;\"><h2 class=\"fusion-title-heading title-heading-left fusion-responsive-typography-calculated\" style=\"margin:0;font-size:1em;--fontSize:25;line-height:1.2;\">Jour 1 \u2013 Jeudi 11 septembre : ARCAD brand<\/h2><\/div><div class=\"fusion-text fusion-text-2 calendar-times\" style=\"--awb-font-size:18px;--awb-text-font-family:&quot;Poppins&quot;;--awb-text-font-style:normal;--awb-text-font-weight:400;\"><p><i>13h30<\/i> \u2013 <b>Caf\u00e9 d\u2019accueil<\/b><\/p>\n<p><i>14h00<\/i> \u2013 <b>Vision et innovations pour le brand ARCAD<\/b><\/p>\n<p><i>15h00<\/i> \u2013 <b>De la vision \u00e0 la r\u00e9alit\u00e9 : comment ARCAD adopte l\u2019IA<\/b><\/p>\n<p><i>15h45<\/i> \u2013 <b>Pause caf\u00e9<\/b><\/p>\n<p><i>16h15<\/i> \u2013 <b>VS Code et IBM i : les p\u00e9pites cach\u00e9es<\/b><\/p>\n<p><i>16h45<\/i> \u2013 <b>Partage de connaissances boost\u00e9 par l\u2019IA : ma\u00eetriser le flux<\/b><\/p>\n<p><i>17h20<\/i> \u2013 <b>Table ronde : t\u00e9moignages d\u2019experts<\/b><\/p>\n<p><i>18h30<\/i> \u2013 <b>Conf\u00e9rence exceptionnelle : Fabien Pelous<\/b><\/p>\n<p><i>19h30<\/i> \u2013 <b>Cocktail<\/b><\/p>\n<p><i>20h30<\/i> \u2013 <b>D\u00eener &amp; soir\u00e9e festive<\/b><\/p>\n<\/div><div class=\"fusion-title title fusion-title-3 fusion-sep-none fusion-title-text fusion-title-size-two\" style=\"--awb-text-color:var(--awb-color5);--awb-margin-top-small:10px;--awb-margin-bottom-small:10px;--awb-font-size:25px;\"><h2 class=\"fusion-title-heading title-heading-left fusion-responsive-typography-calculated\" style=\"margin:0;font-size:1em;--fontSize:25;line-height:1.2;\">Jour 2 \u2013 Vendredi 12 septembre : les brands DOT &amp; DROPS<\/h2><\/div><div class=\"fusion-text fusion-text-3 calendar-times\" style=\"--awb-font-size:18px;--awb-text-font-family:&quot;Poppins&quot;;--awb-text-font-style:normal;--awb-text-font-weight:400;\"><p><i>9h00<\/i> \u2013 <b>Petit-d\u00e9jeuner d\u2019accueil<\/b><\/p>\n<p><i>9h30<\/i> \u2013 <b>Vision et innovations pour les brands DOT et DROPS<\/b><\/p>\n<p><i>10h30<\/i> \u2013 <b>Anonymisation boost\u00e9e par l\u2019IA : et apr\u00e8s ?<\/b><\/p>\n<p><i>11h00<\/i> \u2013 <b>Pause caf\u00e9<\/b><\/p>\n<p><i>11h30<\/i> \u2013 <b>DROPS en action<\/b><\/p>\n<p><i>12h00<\/i> \u2013 <b>Table ronde : clients et protection des donn\u00e9es<\/b><\/p>\n<p><i>13h00<\/i> \u2013 <b>Cocktail d\u00e9jeunatoire de cl\u00f4ture<\/b><\/p>\n<\/div><div style=\"text-align:left;\"><a class=\"fusion-button button-flat button-xlarge button-default fusion-button-default button-1 fusion-button-default-span fusion-button-default-type\" style=\"--button_margin-top:20px;\" target=\"_self\" href=\"https:\/\/info.arcadsoftware.com\/fr\/arcad-summit-2025\"><span class=\"fusion-button-text awb-button__text awb-button__text--default\">EN SAVOIR PLUS &amp; S&#8217;INSCRIRE<\/span><\/a><\/div><style>\n.post-content, .tribe-events-event-meta{\n  font-family:Poppins !important;\n}\nh1{\n  color:#437cb4 !important;\n}\n.post-content b{\n font-weight:600; \n}\n.post-content .calendar-times p{\n margin-bottom:5px !important; \n}\n.fusion-events-single-title-content{\n  display:none !important;\n}\n.fusion-events-featured-image{\n  margin-bottom:15px;\n}\n.tribe-events-single-section-title{\nbackground-color:rgba(218,234,246,0.57) !important;\n  color:#437cb4 !important;\n  font-weight:600 !important;\n}\n.tribe-events{\n display:none; \n}\n@media screen and (min-width: 600px) {\n.sidebar{\n      padding-top: 308px !important;\n}\n}\n.tribe-events-content a {\n    border-bottom: none !important;\n}\n<\/style><\/div><\/div><\/div><\/div><\/p>\n","protected":false},"excerpt":{"rendered":"<p>Inscrivez-vous au ARCAD Summit 2025, les 11 et 12 septembre au Novotel Annecy, France\u202f!<\/p>\n","protected":false},"author":16,"featured_media":74201,"template":"","meta":{"_tribe_events_status":"","_tribe_events_status_reason":"","footnotes":""},"tags":[],"tribe_events_cat":[],"class_list":["post-74094","tribe_events","type-tribe_events","status-publish","has-post-thumbnail","hentry"],"yoast_head":"<!-- This site is optimized with the Yoast SEO plugin v27.3 - https:\/\/yoast.com\/product\/yoast-seo-wordpress\/ -->\n<title>ARCAD Summit 2025 - ARCAD<\/title>\n<meta name=\"description\" content=\"Inscrivez-vous \u00e0 notre grand \u00e9v\u00e9nement : l\u2019ARCAD Summit 2025, qui se tiendra sur deux demi-journ\u00e9es exclusives les 11 et 12 septembre au Novotel Annecy\u202f!\" \/>\n<meta name=\"robots\" content=\"index, follow, max-snippet:-1, max-image-preview:large, max-video-preview:-1\" \/>\n<link rel=\"canonical\" href=\"https:\/\/www.arcadsoftware.fr\/arcad\/event\/arcad-summit-2025-fr\/\" \/>\n<meta property=\"og:locale\" content=\"en_US\" \/>\n<meta property=\"og:type\" content=\"article\" \/>\n<meta property=\"og:title\" content=\"ARCAD Summit 2025 - ARCAD\" \/>\n<meta property=\"og:description\" content=\"Inscrivez-vous \u00e0 notre grand \u00e9v\u00e9nement : l\u2019ARCAD Summit 2025, qui se tiendra sur deux demi-journ\u00e9es exclusives les 11 et 12 septembre au Novotel Annecy\u202f!\" \/>\n<meta property=\"og:url\" content=\"https:\/\/www.arcadsoftware.fr\/arcad\/event\/arcad-summit-2025-fr\/\" \/>\n<meta property=\"og:site_name\" content=\"ARCAD\" \/>\n<meta property=\"article:publisher\" content=\"https:\/\/www.facebook.com\/pages\/Arcad-Software\/116086138469235\" \/>\n<meta property=\"article:modified_time\" content=\"2025-07-21T13:44:35+00:00\" \/>\n<meta property=\"og:image\" content=\"https:\/\/www.arcadsoftware.fr\/arcad\/wp-content\/uploads\/2025\/06\/Banniere-Signitic-ARCAD-Summit-2025-FR.gif\" \/>\n\t<meta property=\"og:image:width\" content=\"1200\" \/>\n\t<meta property=\"og:image:height\" content=\"400\" \/>\n\t<meta property=\"og:image:type\" content=\"image\/gif\" \/>\n<meta name=\"twitter:label1\" content=\"Est. reading time\" \/>\n\t<meta name=\"twitter:data1\" content=\"3 minutes\" \/>\n<script type=\"application\/ld+json\" class=\"yoast-schema-graph\">{\"@context\":\"https:\\\/\\\/schema.org\",\"@graph\":[{\"@type\":\"WebPage\",\"@id\":\"https:\\\/\\\/www.arcadsoftware.fr\\\/arcad\\\/event\\\/arcad-summit-2025-fr\\\/\",\"url\":\"https:\\\/\\\/www.arcadsoftware.fr\\\/arcad\\\/event\\\/arcad-summit-2025-fr\\\/\",\"name\":\"ARCAD Summit 2025 - ARCAD\",\"isPartOf\":{\"@id\":\"https:\\\/\\\/www.arcadsoftware.com\\\/arcad\\\/#website\"},\"primaryImageOfPage\":{\"@id\":\"https:\\\/\\\/www.arcadsoftware.fr\\\/arcad\\\/event\\\/arcad-summit-2025-fr\\\/#primaryimage\"},\"image\":{\"@id\":\"https:\\\/\\\/www.arcadsoftware.fr\\\/arcad\\\/event\\\/arcad-summit-2025-fr\\\/#primaryimage\"},\"thumbnailUrl\":\"https:\\\/\\\/www.arcadsoftware.com\\\/arcad\\\/wp-content\\\/uploads\\\/2025\\\/06\\\/Banniere-Signitic-ARCAD-Summit-2025-FR.gif\",\"datePublished\":\"2025-06-20T13:30:01+00:00\",\"dateModified\":\"2025-07-21T13:44:35+00:00\",\"description\":\"Inscrivez-vous \u00e0 notre grand \u00e9v\u00e9nement : l\u2019ARCAD Summit 2025, qui se tiendra sur deux demi-journ\u00e9es exclusives les 11 et 12 septembre au Novotel Annecy\u202f!\",\"breadcrumb\":{\"@id\":\"https:\\\/\\\/www.arcadsoftware.fr\\\/arcad\\\/event\\\/arcad-summit-2025-fr\\\/#breadcrumb\"},\"inLanguage\":\"en-US\",\"potentialAction\":[{\"@type\":\"ReadAction\",\"target\":[\"https:\\\/\\\/www.arcadsoftware.fr\\\/arcad\\\/event\\\/arcad-summit-2025-fr\\\/\"]}]},{\"@type\":\"ImageObject\",\"inLanguage\":\"en-US\",\"@id\":\"https:\\\/\\\/www.arcadsoftware.fr\\\/arcad\\\/event\\\/arcad-summit-2025-fr\\\/#primaryimage\",\"url\":\"https:\\\/\\\/www.arcadsoftware.com\\\/arcad\\\/wp-content\\\/uploads\\\/2025\\\/06\\\/Banniere-Signitic-ARCAD-Summit-2025-FR.gif\",\"contentUrl\":\"https:\\\/\\\/www.arcadsoftware.com\\\/arcad\\\/wp-content\\\/uploads\\\/2025\\\/06\\\/Banniere-Signitic-ARCAD-Summit-2025-FR.gif\",\"width\":1200,\"height\":400},{\"@type\":\"BreadcrumbList\",\"@id\":\"https:\\\/\\\/www.arcadsoftware.fr\\\/arcad\\\/event\\\/arcad-summit-2025-fr\\\/#breadcrumb\",\"itemListElement\":[{\"@type\":\"ListItem\",\"position\":1,\"name\":\"ARCAD\",\"item\":\"https:\\\/\\\/www.arcadsoftware.com\\\/arcad\\\/\"},{\"@type\":\"ListItem\",\"position\":2,\"name\":\"\u00c9v\u00e8nements\",\"item\":\"https:\\\/\\\/www.arcadsoftware.fr\\\/arcad\\\/events\\\/\"},{\"@type\":\"ListItem\",\"position\":3,\"name\":\"ARCAD Summit 2025\"}]},{\"@type\":\"WebSite\",\"@id\":\"https:\\\/\\\/www.arcadsoftware.com\\\/arcad\\\/#website\",\"url\":\"https:\\\/\\\/www.arcadsoftware.com\\\/arcad\\\/\",\"name\":\"ARCAD\",\"description\":\"Experts DevOps &amp; Modernisation sur IBM i (alias AS\\\/400 ou AS400)\",\"publisher\":{\"@id\":\"https:\\\/\\\/www.arcadsoftware.com\\\/arcad\\\/#organization\"},\"potentialAction\":[{\"@type\":\"SearchAction\",\"target\":{\"@type\":\"EntryPoint\",\"urlTemplate\":\"https:\\\/\\\/www.arcadsoftware.com\\\/arcad\\\/?s={search_term_string}\"},\"query-input\":{\"@type\":\"PropertyValueSpecification\",\"valueRequired\":true,\"valueName\":\"search_term_string\"}}],\"inLanguage\":\"en-US\"},{\"@type\":\"Organization\",\"@id\":\"https:\\\/\\\/www.arcadsoftware.com\\\/arcad\\\/#organization\",\"name\":\"ARCAD Software\",\"url\":\"https:\\\/\\\/www.arcadsoftware.com\\\/arcad\\\/\",\"logo\":{\"@type\":\"ImageObject\",\"inLanguage\":\"en-US\",\"@id\":\"https:\\\/\\\/www.arcadsoftware.com\\\/arcad\\\/#\\\/schema\\\/logo\\\/image\\\/\",\"url\":\"https:\\\/\\\/www.arcadsoftware.com\\\/arcad\\\/wp-content\\\/uploads\\\/2017\\\/09\\\/arcad-group-logo-text-144.png\",\"contentUrl\":\"https:\\\/\\\/www.arcadsoftware.com\\\/arcad\\\/wp-content\\\/uploads\\\/2017\\\/09\\\/arcad-group-logo-text-144.png\",\"width\":144,\"height\":200,\"caption\":\"ARCAD Software\"},\"image\":{\"@id\":\"https:\\\/\\\/www.arcadsoftware.com\\\/arcad\\\/#\\\/schema\\\/logo\\\/image\\\/\"},\"sameAs\":[\"https:\\\/\\\/www.facebook.com\\\/pages\\\/Arcad-Software\\\/116086138469235\",\"https:\\\/\\\/x.com\\\/arcad_software\",\"https:\\\/\\\/www.linkedin.com\\\/company\\\/arcad-software\",\"https:\\\/\\\/www.youtube.com\\\/user\\\/ARCADSoftwareInc\"]}]}<\/script>\n<!-- \/ Yoast SEO plugin. -->","yoast_head_json":{"title":"ARCAD Summit 2025 - ARCAD","description":"Inscrivez-vous \u00e0 notre grand \u00e9v\u00e9nement : l\u2019ARCAD Summit 2025, qui se tiendra sur deux demi-journ\u00e9es exclusives les 11 et 12 septembre au Novotel Annecy\u202f!","robots":{"index":"index","follow":"follow","max-snippet":"max-snippet:-1","max-image-preview":"max-image-preview:large","max-video-preview":"max-video-preview:-1"},"canonical":"https:\/\/www.arcadsoftware.fr\/arcad\/event\/arcad-summit-2025-fr\/","og_locale":"en_US","og_type":"article","og_title":"ARCAD Summit 2025 - ARCAD","og_description":"Inscrivez-vous \u00e0 notre grand \u00e9v\u00e9nement : l\u2019ARCAD Summit 2025, qui se tiendra sur deux demi-journ\u00e9es exclusives les 11 et 12 septembre au Novotel Annecy\u202f!","og_url":"https:\/\/www.arcadsoftware.fr\/arcad\/event\/arcad-summit-2025-fr\/","og_site_name":"ARCAD","article_publisher":"https:\/\/www.facebook.com\/pages\/Arcad-Software\/116086138469235","article_modified_time":"2025-07-21T13:44:35+00:00","og_image":[{"width":1200,"height":400,"url":"https:\/\/www.arcadsoftware.fr\/arcad\/wp-content\/uploads\/2025\/06\/Banniere-Signitic-ARCAD-Summit-2025-FR.gif","type":"image\/gif"}],"twitter_misc":{"Est. reading time":"3 minutes"},"schema":{"@context":"https:\/\/schema.org","@graph":[{"@type":"WebPage","@id":"https:\/\/www.arcadsoftware.fr\/arcad\/event\/arcad-summit-2025-fr\/","url":"https:\/\/www.arcadsoftware.fr\/arcad\/event\/arcad-summit-2025-fr\/","name":"ARCAD Summit 2025 - ARCAD","isPartOf":{"@id":"https:\/\/www.arcadsoftware.com\/arcad\/#website"},"primaryImageOfPage":{"@id":"https:\/\/www.arcadsoftware.fr\/arcad\/event\/arcad-summit-2025-fr\/#primaryimage"},"image":{"@id":"https:\/\/www.arcadsoftware.fr\/arcad\/event\/arcad-summit-2025-fr\/#primaryimage"},"thumbnailUrl":"https:\/\/www.arcadsoftware.com\/arcad\/wp-content\/uploads\/2025\/06\/Banniere-Signitic-ARCAD-Summit-2025-FR.gif","datePublished":"2025-06-20T13:30:01+00:00","dateModified":"2025-07-21T13:44:35+00:00","description":"Inscrivez-vous \u00e0 notre grand \u00e9v\u00e9nement : l\u2019ARCAD Summit 2025, qui se tiendra sur deux demi-journ\u00e9es exclusives les 11 et 12 septembre au Novotel Annecy\u202f!","breadcrumb":{"@id":"https:\/\/www.arcadsoftware.fr\/arcad\/event\/arcad-summit-2025-fr\/#breadcrumb"},"inLanguage":"en-US","potentialAction":[{"@type":"ReadAction","target":["https:\/\/www.arcadsoftware.fr\/arcad\/event\/arcad-summit-2025-fr\/"]}]},{"@type":"ImageObject","inLanguage":"en-US","@id":"https:\/\/www.arcadsoftware.fr\/arcad\/event\/arcad-summit-2025-fr\/#primaryimage","url":"https:\/\/www.arcadsoftware.com\/arcad\/wp-content\/uploads\/2025\/06\/Banniere-Signitic-ARCAD-Summit-2025-FR.gif","contentUrl":"https:\/\/www.arcadsoftware.com\/arcad\/wp-content\/uploads\/2025\/06\/Banniere-Signitic-ARCAD-Summit-2025-FR.gif","width":1200,"height":400},{"@type":"BreadcrumbList","@id":"https:\/\/www.arcadsoftware.fr\/arcad\/event\/arcad-summit-2025-fr\/#breadcrumb","itemListElement":[{"@type":"ListItem","position":1,"name":"ARCAD","item":"https:\/\/www.arcadsoftware.com\/arcad\/"},{"@type":"ListItem","position":2,"name":"\u00c9v\u00e8nements","item":"https:\/\/www.arcadsoftware.fr\/arcad\/events\/"},{"@type":"ListItem","position":3,"name":"ARCAD Summit 2025"}]},{"@type":"WebSite","@id":"https:\/\/www.arcadsoftware.com\/arcad\/#website","url":"https:\/\/www.arcadsoftware.com\/arcad\/","name":"ARCAD","description":"Experts DevOps &amp; Modernisation sur IBM i (alias AS\/400 ou AS400)","publisher":{"@id":"https:\/\/www.arcadsoftware.com\/arcad\/#organization"},"potentialAction":[{"@type":"SearchAction","target":{"@type":"EntryPoint","urlTemplate":"https:\/\/www.arcadsoftware.com\/arcad\/?s={search_term_string}"},"query-input":{"@type":"PropertyValueSpecification","valueRequired":true,"valueName":"search_term_string"}}],"inLanguage":"en-US"},{"@type":"Organization","@id":"https:\/\/www.arcadsoftware.com\/arcad\/#organization","name":"ARCAD Software","url":"https:\/\/www.arcadsoftware.com\/arcad\/","logo":{"@type":"ImageObject","inLanguage":"en-US","@id":"https:\/\/www.arcadsoftware.com\/arcad\/#\/schema\/logo\/image\/","url":"https:\/\/www.arcadsoftware.com\/arcad\/wp-content\/uploads\/2017\/09\/arcad-group-logo-text-144.png","contentUrl":"https:\/\/www.arcadsoftware.com\/arcad\/wp-content\/uploads\/2017\/09\/arcad-group-logo-text-144.png","width":144,"height":200,"caption":"ARCAD Software"},"image":{"@id":"https:\/\/www.arcadsoftware.com\/arcad\/#\/schema\/logo\/image\/"},"sameAs":["https:\/\/www.facebook.com\/pages\/Arcad-Software\/116086138469235","https:\/\/x.com\/arcad_software","https:\/\/www.linkedin.com\/company\/arcad-software","https:\/\/www.youtube.com\/user\/ARCADSoftwareInc"]}]}},"_links":{"self":[{"href":"https:\/\/www.arcadsoftware.com\/arcad\/wp-json\/wp\/v2\/tribe_events\/74094","targetHints":{"allow":["GET"]}}],"collection":[{"href":"https:\/\/www.arcadsoftware.com\/arcad\/wp-json\/wp\/v2\/tribe_events"}],"about":[{"href":"https:\/\/www.arcadsoftware.com\/arcad\/wp-json\/wp\/v2\/types\/tribe_events"}],"author":[{"embeddable":true,"href":"https:\/\/www.arcadsoftware.com\/arcad\/wp-json\/wp\/v2\/users\/16"}],"version-history":[{"count":3,"href":"https:\/\/www.arcadsoftware.com\/arcad\/wp-json\/wp\/v2\/tribe_events\/74094\/revisions"}],"predecessor-version":[{"id":74200,"href":"https:\/\/www.arcadsoftware.com\/arcad\/wp-json\/wp\/v2\/tribe_events\/74094\/revisions\/74200"}],"wp:featuredmedia":[{"embeddable":true,"href":"https:\/\/www.arcadsoftware.com\/arcad\/wp-json\/wp\/v2\/media\/74201"}],"wp:attachment":[{"href":"https:\/\/www.arcadsoftware.com\/arcad\/wp-json\/wp\/v2\/media?parent=74094"}],"wp:term":[{"taxonomy":"post_tag","embeddable":true,"href":"https:\/\/www.arcadsoftware.com\/arcad\/wp-json\/wp\/v2\/tags?post=74094"},{"taxonomy":"tribe_events_cat","embeddable":true,"href":"https:\/\/www.arcadsoftware.com\/arcad\/wp-json\/wp\/v2\/tribe_events_cat?post=74094"}],"curies":[{"name":"wp","href":"https:\/\/api.w.org\/{rel}","templated":true}]}}